{"version":"1.0","provider_name":"Dr. Drazs\u00e9","provider_url":"https:\/\/drazse.cafeblog.hu","author_name":"Zsuzsa Sandor","author_url":"https:\/\/drazse.cafeblog.hu\/author\/zsubircsi\/","title":"Szomor\u00fa nyaral\u00e1s","html":"<p style=\"text-align: justify\">Biztosan\u00a0eml\u00e9keztek a kor\u00e1bbi mes\u00e9imb\u0151l, hogy milyen j\u00f3kat nyaraltunk Supetarban. Ott, ahol a kuty\u00e1kat sz\u00farta a kaktusz, az emberek meg vid\u00e1man j\u00f6ttek-mentek a Kaktuszban. Az egy nagy \u00e9p\u00fclet volt, amire r\u00e1 volt \u00edrva, hogy Kaktusz. Ja, meg az is, hogy hotel. Meg abban a Supetarban rengeteget f\u00fcr\u00f6dtem a tengerben. Olvass\u00e1tok csak el, milyen j\u00f3 volt ott nekem!<\/p>\r\n[caption id=\"attachment_618\" align=\"aligncenter\" width=\"300\"]<a href=\"https:\/\/drazse.cafeblog.hu\/files\/2016\/05\/Tengerben.jpg\"><img class=\"size-medium wp-image-618\" src=\"https:\/\/drazse.cafeblog.hu\/files\/2016\/05\/Tengerben-300x233.jpg\" alt=\"Drazs\u00e9 a tengerben\" width=\"300\" height=\"233\" \/><\/a> Fot\u00f3: L\u00e1ng Andr\u00e1s[\/caption]\r\n<p>Tenger, meg kaktusz most is volt, de m\u00e9gis valahogy m\u00e1s volt az eg\u00e9sz.<\/p>\r\n<p style=\"text-align: justify\">M\u00e1r az aut\u00f3 is m\u00e1s volt, amivel utaztunk. Anya kis aut\u00f3j\u00e1val ment\u00fcnk. Nem mondom, hogy az olyan rossz lenne, de m\u00e9gsem olyan szuper k\u00e9nyelmes, mint tavaly az az \u00f3\u00f3\u00f3ri\u00e1si\u00a0Nissan volt. Az, amit mindig Andris vezetett. Tudj\u00e1tok, akit nem volt szabad ap\u00e1nak h\u00edvnom. De az\u00e9rt j\u00f3 fej volt. \u00c9pp, mint egy apa.<\/p>\r\n[caption id=\"attachment_575\" align=\"aligncenter\" width=\"300\"]<a href=\"https:\/\/drazse.cafeblog.hu\/files\/2016\/04\/2012-06-04-15.51.38.jpg\"><img class=\"size-medium wp-image-575\" src=\"https:\/\/drazse.cafeblog.hu\/files\/2016\/04\/2012-06-04-15.51.38-300x225.jpg\" alt=\"Drazs\u00e9 a Nissanban\" width=\"300\" height=\"225\" \/><\/a> Fot\u00f3: L\u00e1ng Andr\u00e1s[\/caption]\r\n<p style=\"text-align: justify\">M\u00e1r egy j\u00f3 ideje nem l\u00e1ttam. Otthon sem. K\u00e9rdeztem is any\u00e1t, hogy hov\u00e1 ment, de mindig csak azt mondta, hogy nagyon messze, \"ahonnan nem t\u00e9r meg utaz\u00f3\". Ezt v\u00e9gk\u00e9pp nem \u00e9rtettem. Hol lehet az a hely, ahonnan nem tud\u00a0hazaj\u00f6nni? De anya mindig szomor\u00fa lett, amikor k\u00e9rdez\u0151sk\u00f6dtem. \u00cdgy, egy id\u0151 ut\u00e1n m\u00e1r nem is k\u00e9rdeztem semmit. Mert nem szeretem, ha anya szomor\u00fa.<\/p>\r\n<p style=\"text-align: justify\"><a href=\"https:\/\/drazse.cafeblog.hu\/files\/2016\/05\/2012-06-07-11.08.05.jpg\"><img class=\"aligncenter size-medium wp-image-621\" src=\"https:\/\/drazse.cafeblog.hu\/files\/2016\/05\/2012-06-07-11.08.05-300x225.jpg\" alt=\"Ahonnan nem t\u00e9r meg utaz\u00f3\" width=\"300\" height=\"225\" \/><\/a><\/p>\r\n<p style=\"text-align: justify\">Azt hittem, hogy az\u00e9rt a supetari nyaral\u00e1sra csak el\u0151ker\u00fcl. Mert ott mindig nagyon szeretett lenni. De nem. Csak anya meg \u00e9n ment\u00fcnk a kicsi aut\u00f3val. \u00c9s anya m\u00e9g szomor\u00fabb lett, pedig \u00e9n most egy \u00e1rva sz\u00f3val sem k\u00e9rdeztem, hogy Andris mi\u00e9rt nem j\u00f6n vel\u00fcnk.<\/p>\r\n<p><a href=\"https:\/\/drazse.cafeblog.hu\/files\/2016\/05\/P1020429.jpg\"><img class=\"aligncenter size-medium wp-image-622\" src=\"https:\/\/drazse.cafeblog.hu\/files\/2016\/05\/P1020429-300x225.jpg\" alt=\"Andris \u00e9s Drazs\u00e9\" width=\"300\" height=\"225\" \/><\/a><\/p>\r\n<p>Mire v\u00e9gre meg\u00e9rkezt\u00fcnk a komphoz - tudj\u00e1tok ez a Supetar egy szigeten van, ahov\u00e1 komppal kell \u00e1tmenni - addigra anya szeme tele volt valami vizes dologgal. Azt hiszem, k\u00f6nnynek h\u00edvj\u00e1k azt a vizet, ami a k\u00e9tl\u00e1b\u00faak szem\u00e9b\u0151l folyik lefel\u00e9.<\/p>\r\n<p style=\"text-align: justify\">De egyszer csak m\u00e1r nem s\u00edrdog\u00e1lt, hanem ink\u00e1bb ordib\u00e1lni kezdett. Egy fura nyelven besz\u00e9l\u0151 b\u00e1csival. Mert az a b\u00e1csi egy nagy pancser volt. A kompon anya kinyitotta a kis aut\u00f3j\u00e1nak az ajtaj\u00e1t, hogy kisz\u00e1lljunk \u00e9s felmenj\u00fcnk a fed\u00e9lzetre. Mert ott s\u00fct a nap \u00e9s lehet b\u00e1mulni a sir\u00e1lyokat.<\/p>\r\n<p style=\"text-align: justify\">Na, ekkor j\u00f6tt ez a pancser b\u00e1csi \u00e9s durr, elcsapta a kis aut\u00f3 ajtaj\u00e1t. Pont ott, ahol anya ki akart sz\u00e1llni. M\u00e9g j\u00f3, hogy nem any\u00e1t csapta el. De az ajt\u00f3, az gajdeszra ment. Nem tudtam, mi az a \u201cgajdesz\u201d, de j\u00f3l l\u00e1ttam. Ha k\u00e9t g\u00f6rb\u00fclet \u00e9s egy horpad\u00e1s van egy aut\u00f3 ajtaj\u00e1n, az a gajdesz.<\/p>\r\n<p style=\"text-align: justify\"><a href=\"https:\/\/drazse.cafeblog.hu\/files\/2016\/05\/20160528_135208.jpg\"><img class=\"aligncenter wp-image-623 size-medium\" src=\"https:\/\/drazse.cafeblog.hu\/files\/2016\/05\/20160528_135208-e1464728461942-169x300.jpg\" alt=\"Trop\u00e1ra ment ajt\u00f3\" width=\"169\" height=\"300\" \/><\/a><\/p>\r\n<p style=\"text-align: center\"><em>Fot\u00f3: Asz\u00f3di J\u00e1nos<\/em><\/p>\r\n<p style=\"text-align: justify\">Na ez\u00e9rt kezdett anya ordib\u00e1lni. De nem azon a nyelven, amin a pancser b\u00e1csi besz\u00e9lt. Meg nem is \u00fagy, ahogy \u00e9n meg\u00e9rten\u00e9m. Lett nagy veszeked\u00e9s - k\u00e9t buta nyelven \u2013 \u00e9s nagy egym\u00e1sra mutogat\u00e1s.<\/p>\r\n<p style=\"text-align: justify\">A b\u00e1csi azt mondta, hogy \u0151 \"unschuldig\", anya meg azt, hogy de bizony hogy \"faulty\". Ebben maradtak. Azt\u00e1n j\u00f6tt a kapit\u00e1ny \u00e9s egy harmadik nyelven magyar\u00e1zott valamit. K\u00f6zben meg mindenki \u00f6ssze-vissza f\u00e9nyk\u00e9pezgetett. \u00c9s nem Engem! Jelzem ez egy kicsit b\u00e1ntott is. Helyettem a k\u00e9t aut\u00f3t fot\u00f3zgatt\u00e1k. Any\u00e1\u00e9 volt a rond\u00e1bb, ez t\u00e9ny.<\/p>\r\n[caption id=\"attachment_624\" align=\"aligncenter\" width=\"169\"]<a href=\"https:\/\/drazse.cafeblog.hu\/files\/2016\/05\/20160528_134859-e1464728604295.jpg\"><img class=\"size-medium wp-image-624\" src=\"https:\/\/drazse.cafeblog.hu\/files\/2016\/05\/20160528_134859-e1464728604295-169x300.jpg\" alt=\"a bunk\u00f3 osztr\u00e1k aut\u00f3ja\" width=\"169\" height=\"300\" \/><\/a> Fot\u00f3: Asz\u00f3di J\u00e1nos[\/caption]\r\n<p style=\"text-align: justify\">Anya m\u00e9g akkor is d\u00fch\u00f6s volt, amikor a bar\u00e1tunk - aki vel\u00fcnk utazott Supetarba - egy sp\u00e1rg\u00e1val sz\u00e9pen bek\u00f6t\u00f6zte az ajt\u00f3t. Hogy anya ki ne essen vezet\u00e9s k\u00f6zben. Ja, azt eddig nem mondtam, hogy azt az ajt\u00f3t egy\u00e1ltal\u00e1n nem lehetett becsukni. A k\u00e9t g\u00f6rb\u00fclet, meg a horpad\u00e1s miatt. Ez\u00e9rt kellett a sp\u00e1rg\u00e1s k\u00f6t\u00f6zget\u00e9s. Nem tudom, ez any\u00e1nak mi\u00e9rt nem tetszett. Szerintem el\u00e9g viccesen n\u00e9zt\u00fcnk ki. K\u00fcl\u00f6n\u00f6sen, amikor m\u00e1r lement\u00fcnk a kompr\u00f3l. A sp\u00e1rga v\u00e9ge ide-oda lifegett. Alig gy\u0151ztem kapkodni a fejemet, hogy j\u00f3l l\u00e1ssam.<\/p>\r\n<p style=\"text-align: justify\">K\u00e9s\u0151bb elvitt\u00fck a kis aut\u00f3t egy szerel\u0151 emberhez. Na, \u0151 azt\u00e1n egyetlen olyan nyelvet sem tudott, amit anya, vagy J\u00e1nos, a bar\u00e1tunk \u00e9rtett volna. Igaz, a szerel\u0151 emberrel\u00a0nem is kellett kiab\u00e1lni. Azt mondta, hogy dobre, vagy dobar, vagy valami ilyesmit.<\/p>\r\n<p style=\"text-align: justify\">Valahogyan r\u00e1j\u00f6tt, hogy mit akarunk t\u0151le. El is mutogatta, hogy majd \u0151 megcsin\u00e1lja azt az ajt\u00f3t \u00fagy, hogy ne sp\u00e1rg\u00e1val kelljen becsukni. \u00a0Ezt \u00e9n egy kicsit sajn\u00e1ltam. Mert \u00edgy hazafel\u00e9 m\u00e1r egy\u00e1ltal\u00e1n nem lesz\u00fcnk viccesek.<\/p>\r\n<p style=\"text-align: justify\">V\u00e9g\u00fcl el\u0151bb hazaj\u00f6tt\u00fcnk, mint kellett volna. Az persze senkit nem \u00e9rdekelt, hogy \u00e9n kevesebbszer f\u00fcr\u00f6dhettem a tengerben.<\/p>\r\n<p style=\"text-align: center\"><em><a href=\"https:\/\/drazse.cafeblog.hu\/files\/2015\/07\/DSC_7889.jpg\"><img class=\"aligncenter size-medium wp-image-546\" src=\"https:\/\/drazse.cafeblog.hu\/files\/2015\/07\/DSC_7889-199x300.jpg\" alt=\"\u00cdgy kell h\u0171s\u00f6lni\" width=\"199\" height=\"300\" \/><\/a>K\u00e9p: L\u00e1ng Andr\u00e1s<\/em><\/p>\r\n<p style=\"text-align: justify\">Anya azt mondta, hogy eladja ezt az eg\u00e9sz Supetart. Meg az aut\u00f3t is. De nagyon belej\u00f6tt!<\/p>\r\n<p>M\u00e9g j\u00f3, hogy engem nem akar eladni!<\/p>\r\n<p><a href=\"https:\/\/drazse.cafeblog.hu\/files\/2016\/05\/Drazs\u00e9-2016.jpg\"><img class=\"alignleft  wp-image-626\" src=\"https:\/\/drazse.cafeblog.hu\/files\/2016\/05\/Drazs\u00e9-2016-288x300.jpg\" alt=\"Az\u00e9rt Drazs\u00e9 j\u00e1tszhatott\" width=\"224\" height=\"233\" \/><\/a><\/p>\r\n<p><a href=\"https:\/\/drazse.cafeblog.hu\/files\/2016\/05\/Drazs\u00e9-hanyatt.jpg\"><img class=\"alignright size-medium wp-image-625\" src=\"https:\/\/drazse.cafeblog.hu\/files\/2016\/05\/Drazs\u00e9-hanyatt-300x225.jpg\" alt=\"Hemperegtem is\" width=\"300\" height=\"225\" \/><\/a><\/p>","type":"rich","thumbnail_url":"https:\/\/drazse.cafeblog.hu\/files\/2016\/05\/2012-06-07-11.08.05-150x150.jpg","thumbnail_width":150,"thumbnail_height":150}